{"id":17835,"date":"2023-10-18T15:55:00","date_gmt":"2023-10-18T13:55:00","guid":{"rendered":"https:\/\/saloni.pl\/?post_type=product&#038;p=17835"},"modified":"2023-10-18T15:55:59","modified_gmt":"2023-10-18T13:55:59","slug":"kabina-prysznicowa-walk-in-eventa-black-chrome-110-cm","status":"publish","type":"product","link":"https:\/\/saloni.pl\/index.php\/produkt\/kabina-prysznicowa-walk-in-eventa-black-chrome-110-cm\/","title":{"rendered":"Kabina prysznicowa Walk-in Eventa Black Chrome 110 cm"},"content":{"rendered":"<h5>Kabina prysznicowa Walk-in Eventa Black Chrome 110 cm, wersja po\u0142ysk, szk\u0142o przejrzyste 8 mm z pow\u0142ok\u0105 Active Shield<\/h5>\n<h5><\/h5>\n<h5><strong>Kabiny dost\u0119pne w wielu rozmiarach, nie znalaz\u0142e\u015b wymiaru kt\u00f3rego szukasz?<\/strong><\/h5>\n<div class=\"option-content\">\n<h4><strong>Zadzwo\u0144 do nas lub napisz, przedstawimy ci najlepsz\u0105 ofert\u0119.<\/strong><\/h4>\n<p>Model Eventa Black Chrome posiada eleganckie, czarne detale o wyko\u0144czeniu w po\u0142ysku. Drzwi wn\u0119kowe, wyposa\u017cone w bezpieczne, hartowane szyby o grubo\u015bci 8 mm, z pow\u0142ok\u0105 ochronn\u0105 Active Shield. W dolnej cz\u0119\u015bci drzwi znajduje si\u0119 rynienka, odprowadzaj\u0105ca wod\u0119 z szyby do wewn\u0105trz strefy prysznicowej. Produkt mo\u017ce by\u0107 instalowany z brodzikiem lub bez brodzika. Kolekcja obj\u0119ta 7-letnim okresem gwarancji. Istnieje mo\u017cliwo\u015b\u0107 zam\u00f3wienia modelu tak\u017ce w opcji na wymiar i w wielu kolorach szk\u0142a. Wymagana szeroko\u015b\u0107 wn\u0119ki 80-81 cm. Istnieje mo\u017cliwo\u015b\u0107 zwi\u0119kszenia regulacji o 1 cm przez dodanie profilu poszerzaj\u0105cego.<\/p>\n<p><img loading=\"lazy\" decoding=\"async\" class=\"alignnone size-full wp-image-17829\" src=\"https:\/\/saloni.pl\/wp-content\/uploads\/2023\/10\/EVENTA-BLACK-CHROME-WALKIN-CECHY.jpg\" alt=\"\" width=\"404\" height=\"404\" srcset=\"https:\/\/saloni.pl\/wp-content\/uploads\/2023\/10\/EVENTA-BLACK-CHROME-WALKIN-CECHY.jpg 404w, https:\/\/saloni.pl\/wp-content\/uploads\/2023\/10\/EVENTA-BLACK-CHROME-WALKIN-CECHY-300x300.jpg 300w, https:\/\/saloni.pl\/wp-content\/uploads\/2023\/10\/EVENTA-BLACK-CHROME-WALKIN-CECHY-150x150.jpg 150w, https:\/\/saloni.pl\/wp-content\/uploads\/2023\/10\/EVENTA-BLACK-CHROME-WALKIN-CECHY-100x100.jpg 100w, https:\/\/saloni.pl\/wp-content\/uploads\/2023\/10\/EVENTA-BLACK-CHROME-WALKIN-CECHY-50x50.jpg 50w\" sizes=\"auto, (max-width: 404px) 100vw, 404px\" \/><\/p>\n<p><img loading=\"lazy\" decoding=\"async\" class=\"alignnone size-full wp-image-17743\" src=\"https:\/\/saloni.pl\/wp-content\/uploads\/2023\/10\/EVENTA-MONTAZ-1.jpg\" alt=\"\" width=\"728\" height=\"415\" srcset=\"https:\/\/saloni.pl\/wp-content\/uploads\/2023\/10\/EVENTA-MONTAZ-1.jpg 728w, https:\/\/saloni.pl\/wp-content\/uploads\/2023\/10\/EVENTA-MONTAZ-1-300x171.jpg 300w, https:\/\/saloni.pl\/wp-content\/uploads\/2023\/10\/EVENTA-MONTAZ-1-600x342.jpg 600w\" sizes=\"auto, (max-width: 728px) 100vw, 728px\" \/><\/p>\n<p><img loading=\"lazy\" decoding=\"async\" class=\"alignnone size-full wp-image-17830\" src=\"https:\/\/saloni.pl\/wp-content\/uploads\/2023\/10\/EVENTA-BLACK-CHROME-WALKIN-RYS-TECHN.jpg\" alt=\"\" width=\"404\" height=\"404\" srcset=\"https:\/\/saloni.pl\/wp-content\/uploads\/2023\/10\/EVENTA-BLACK-CHROME-WALKIN-RYS-TECHN.jpg 404w, https:\/\/saloni.pl\/wp-content\/uploads\/2023\/10\/EVENTA-BLACK-CHROME-WALKIN-RYS-TECHN-300x300.jpg 300w, https:\/\/saloni.pl\/wp-content\/uploads\/2023\/10\/EVENTA-BLACK-CHROME-WALKIN-RYS-TECHN-150x150.jpg 150w, https:\/\/saloni.pl\/wp-content\/uploads\/2023\/10\/EVENTA-BLACK-CHROME-WALKIN-RYS-TECHN-100x100.jpg 100w, https:\/\/saloni.pl\/wp-content\/uploads\/2023\/10\/EVENTA-BLACK-CHROME-WALKIN-RYS-TECHN-50x50.jpg 50w\" sizes=\"auto, (max-width: 404px) 100vw, 404px\" \/><\/p>\n<h3><strong>A= 106,7-107,7 cm<\/strong><\/h3>\n<h3><strong>B= max 120 cm<\/strong><\/h3>\n<h3><strong>H= 200 cm<\/strong><\/h3>\n<\/div>\n","protected":false},"excerpt":{"rendered":"<p>Kabina prysznicowa Walk-in Eventa Black Chrome 110 cm, wersja po\u0142ysk, szk\u0142o przejrzyste 8 mm z pow\u0142ok\u0105 Active Shield Kabiny dost\u0119pne w wielu rozmiarach, nie znalaz\u0142e\u015b wymiaru kt\u00f3rego szukasz? Zadzwo\u0144 do nas lub napisz, przedstawimy ci najlepsz\u0105 ofert\u0119. Model Eventa Black Chrome posiada eleganckie, czarne detale o wyko\u0144czeniu w po\u0142ysku. Drzwi wn\u0119kowe, wyposa\u017cone w bezpieczne, hartowane [&hellip;]<\/p>\n","protected":false},"featured_media":17831,"comment_status":"closed","ping_status":"closed","template":"","meta":[],"product_brand":[],"product_cat":[488,16,133],"product_tag":[421,476,145,433],"berocket_brand":[124],"class_list":{"0":"post-17835","1":"product","2":"type-product","3":"status-publish","4":"has-post-thumbnail","6":"product_cat-black-chrome-walk-in-jednoczesiowe","7":"product_cat-kabiny-prysznicowe","8":"product_cat-walk-in-jednoczesiowe","9":"product_tag-black","10":"product_tag-eventa","11":"product_tag-kabina-prysznicowa","12":"product_tag-walk-in","13":"berocket_brand-new-trendy","15":"first","16":"instock","17":"sale","18":"featured","19":"shipping-taxable","20":"purchasable","21":"product-type-simple"},"_links":{"self":[{"href":"https:\/\/saloni.pl\/index.php\/wp-json\/wp\/v2\/product\/17835","targetHints":{"allow":["GET"]}}],"collection":[{"href":"https:\/\/saloni.pl\/index.php\/wp-json\/wp\/v2\/product"}],"about":[{"href":"https:\/\/saloni.pl\/index.php\/wp-json\/wp\/v2\/types\/product"}],"replies":[{"embeddable":true,"href":"https:\/\/saloni.pl\/index.php\/wp-json\/wp\/v2\/comments?post=17835"}],"wp:featuredmedia":[{"embeddable":true,"href":"https:\/\/saloni.pl\/index.php\/wp-json\/wp\/v2\/media\/17831"}],"wp:attachment":[{"href":"https:\/\/saloni.pl\/index.php\/wp-json\/wp\/v2\/media?parent=17835"}],"wp:term":[{"taxonomy":"product_brand","embeddable":true,"href":"https:\/\/saloni.pl\/index.php\/wp-json\/wp\/v2\/product_brand?post=17835"},{"taxonomy":"product_cat","embeddable":true,"href":"https:\/\/saloni.pl\/index.php\/wp-json\/wp\/v2\/product_cat?post=17835"},{"taxonomy":"product_tag","embeddable":true,"href":"https:\/\/saloni.pl\/index.php\/wp-json\/wp\/v2\/product_tag?post=17835"},{"taxonomy":"berocket_brand","embeddable":true,"href":"https:\/\/saloni.pl\/index.php\/wp-json\/wp\/v2\/berocket_brand?post=17835"}],"curies":[{"name":"wp","href":"https:\/\/api.w.org\/{rel}","templated":true}]}}